{"id":302,"date":"2023-03-23T09:55:47","date_gmt":"2023-03-23T09:55:47","guid":{"rendered":"https:\/\/imker.pl\/raporty\/?page_id=302"},"modified":"2023-03-23T11:44:12","modified_gmt":"2023-03-23T11:44:12","slug":"polityka-prywatnosci","status":"publish","type":"page","link":"https:\/\/imker.pl\/raporty\/polityka-prywatnosci\/","title":{"rendered":"Polityka prywatno\u015bci"},"content":{"rendered":"\n<h1 class=\"wp-block-heading\">Polityka prywatno\u015bci<\/h1>\n\n\n\n<p><strong>POLITYKA PRYWATNO\u015aCI I POLITYKA&nbsp;&nbsp;<\/strong><strong>COOKIES<\/strong><\/p>\n\n\n\n<p>Korzystanie ze strony internetowej&nbsp;<a href=\"https:\/\/imker.pl\/\"><strong>https:\/\/imker.pl\/<\/strong><\/a>,&nbsp;<a href=\"https:\/\/www.imkreator.pl\/\" target=\"_blank\" rel=\"noreferrer noopener\"><strong>https:\/\/www.imkreator.pl\/<\/strong><\/a>&nbsp;oraz z bloga&nbsp;<a href=\"https:\/\/imker.pl\/blog\/\"><strong>https:\/\/imker.pl\/blog\/<\/strong><\/a>&nbsp;oznacza akceptacj\u0119 poni\u017cszych warunk\u00f3w Polityki Prywatno\u015bci&nbsp; i Polityki Cookies.<\/p>\n\n\n\n<p>W wykonaniu obowi\u0105zku informacyjnego okre\u015blonego Rozporz\u0105dzeniem Parlamentu Europejskiego i Rady (UE) 2016\/679 z dnia 27 kwietnia 2016 r. w sprawie ochrony os\u00f3b fizycznych w zwi\u0105zku z przetwarzaniem danych osobowych i w sprawie swobodnego przep\u0142ywu takich danych oraz uchylenia dyrektywy 95\/46\/WE (og\u00f3lne rozporz\u0105dzenie o ochronie danych) (DALEJ: \u201eRODO\u201d), Administrator danych osobowych (dalej: \u201eAdministrator\u201d) informuje, \u017ce:<\/p>\n\n\n\n<p>1. Administratorem danych osobowych U\u017cytkownika (tj. U\u017cytkownik \u2013 ka\u017cdego podmiotu przebywaj\u0105cego na stronie i korzystaj\u0105cego z niej) jest:<\/p>\n\n\n\n<p>IMKER sp.o.o. z siedzib\u0105 w Zamo\u015bciu (dawniej IMKER Krzysztof Bartnik), ul. Szczebrzeska 55A, 22-400 Zamo\u015b\u0107, wpisana do rejestru przedsi\u0119biorc\u00f3w Krajowego Rejestru S\u0105dowego pod numerem KRS: 0000967893, NIP: 9223072567, REGON: 521893569, kontakt@imker.pl.<\/p>\n\n\n\n<p>2. Z Administratorem danych osobowych mo\u017cna kontaktowa\u0107 si\u0119:<\/p>\n\n\n\n<p>1) pod adresem korespondencyjnym: IMKER sp.o.o. z siedzib\u0105 w Zamo\u015bciu (dawniej IMKER Krzysztof Bartnik), ul. Szczebrzeska 55A, 22-400 Zamo\u015b\u0107,<\/p>\n\n\n\n<p>2) pod adresem poczty elektronicznej:&nbsp;<a href=\"mailto:kontakt@imker.pl\">kontakt@imker.pl<\/a><\/p>\n\n\n\n<p>3. Dane osobowe U\u017cytkownika mog\u0105 by\u0107 przetwarzane w nast\u0119puj\u0105cych celach, na nast\u0119puj\u0105cych podstawach prawnych i w nast\u0119puj\u0105cych okresach:<\/p>\n\n\n\n<ul class=\"wp-block-list\">\n<li>zawarcie i wykonanie umowy \u2013 art. 6 ust. 1 lit. b RODO \u2013 dane osobowe b\u0119d\u0105 przechowywane przez czas wykonania umowy, a nast\u0119pnie przez okres przewidziany przepisami prawa,<\/li>\n\n\n\n<li>realizacja obowi\u0105zk\u00f3w podatkowo-ksi\u0119gowych \u2013 art. 6 ust. 1 lit. c RODO \u2013 dane osobowe b\u0119d\u0105 przechowywane przez okres konieczny do wype\u0142nienia obowi\u0105zku podatkowego ci\u0105\u017c\u0105cego na Administratorze danych osobowych;<\/li>\n\n\n\n<li>obrona, dochodzenia lub ustalenie roszcze\u0144 zwi\u0105zanych z umow\u0105, co jest prawnie uzasadnionym interesem realizowanym przez Administratora \u2013 art. 6 ust. 1 lit. f RODO \u2013 dane osobowe b\u0119d\u0105 przetwarzane przez okres dochodzenia roszcze\u0144, maksymalnie do momentu przedawnienia roszcze\u0144;<\/li>\n\n\n\n<li>obs\u0142uga zapyta\u0144 kierowanych przez U\u017cytkownika przed zawarciem umowy, co jest niezb\u0119dne do podj\u0119cia dzia\u0142a\u0144 na \u017c\u0105danie osoby, kt\u00f3rej dane dotycz\u0105, przed zawarciem umowy \u2013 art. 6 ust. 1 lit. b RODO \u2013 dane osobowe b\u0119d\u0105 przetwarzane przez czas nawi\u0105zania kontaktu i za\u0142atwienia sprawy;<\/li>\n\n\n\n<li>wysy\u0142ka newslettera \u2013 art. 6 ust. 1 lit. f ORAZ art. 6 ust. 1 lit. a RODO \u2013 dane b\u0119d\u0105 przetwarzane przez czas trwania wysy\u0142ki newslettera do czasu wycofania zgody;<\/li>\n\n\n\n<li>w celach marketingowych, w celu wy\u015bwietlania tre\u015bci marketingowych, kt\u00f3re nie s\u0105 dostosowane do preferencji U\u017cytkownika (reklama kontekstowa), wy\u015bwietlania tre\u015bci marketingowych, kt\u00f3re s\u0105 dopasowane do preferencji U\u017cytkownika, w tym dostosowywania kategorii ofert lub poszczeg\u00f3lnych ofert w ustawieniach strony (reklama behawioralna), prowadzenia innego rodzaju dzia\u0142a\u0144 zwi\u0105zanych z marketingiem bezpo\u015brednim towar\u00f3w lub us\u0142ug (przesy\u0142anie informacji handlowych drog\u0105 elektroniczn\u0105 lub inne dzia\u0142ania marketingowe) za po\u015brednictwem r\u00f3\u017cnych kana\u0142\u00f3w komunikacji elektronicznej, w tym za po\u015brednictwem poczty mailowej, push&nbsp; \u2013 art. 6 ust. 1 lit. a lub f RODO \u2013 dane osobowe b\u0119d\u0105 przetwarzane przez czas trwania akcji marketingowej lub do momentu zaprzestania korzystania ze strony lub do momentu cofni\u0119cia zgody na przetwarzanie danych osobowych lub zg\u0142oszenia sprzeciwu wobec przetwarzania danych;<\/li>\n\n\n\n<li>w celach zwi\u0105zanych z technologi\u0105 cookies \u2013&nbsp; art. 6 ust. 1 lit. a RODO \u2013 dane osobowe b\u0119d\u0105 przetwarzane do czasu usuni\u0119cia tych plik\u00f3w przy pomocy ustawie\u0144 przegl\u0105darki (przy czym usuni\u0119cie plik\u00f3w nie zawsze jest to\u017csame z usuni\u0119ciem danych osobowych uzyskanych za po\u015brednictwem tych plik\u00f3w, st\u0105d mo\u017cliwo\u015b\u0107 sprzeciwu). Dane b\u0119d\u0105 przetwarzane do czasu wycofania zgody;<\/li>\n\n\n\n<li>w celu przechowywania komentarzy na stronie internetowej \u2013 art. 6 ust. 1 lit. a RODO Dane b\u0119d\u0105 przetwarzane do czasu wycofania zgody.<\/li>\n<\/ul>\n\n\n\n<p>4. W celu realizacji umowy o \u015bwiadczenie us\u0142ug Administrator przetwarza r\u00f3wnie\u017c informacje dotycz\u0105ce urz\u0105dzenia U\u017cytkownika w celu zapewnienia poprawno\u015bci dzia\u0142ania us\u0142ug: adres IP komputera, informacje zawarte w plikach cookies lub innych podobnych technologiach, dane dotycz\u0105ce sesji, dane przegl\u0105darki internetowej, dane dotycz\u0105ce urz\u0105dzenia, dane dotycz\u0105ce aktywno\u015bci na Stronie, w tym na poszczeg\u00f3lnych podstronach. Dane te s\u0105 przetwarzane zgodnie z art. 6 ust. 1 lit. b RODO, w celu realizacji umowy&nbsp; b\u0105d\u017a zgodnie z art. 6 ust. 1 lit. a RODO w zwi\u0105zku z wyra\u017ceniem zgody na stosowanie okre\u015blonych plik\u00f3w cookies lub innych podobnych technologii, wyra\u017conych przez odpowiednie ustawienia przegl\u0105darki internetowej zgodnie z Prawem telekomunikacyjnym. Dane s\u0105 przetwarzane do czasu zako\u0144czenia korzystania przez U\u017cytkownika ze Strony b\u0105d\u017a przez czas wykonania umowy, a nast\u0119pnie przez okres przewidziany przepisami prawa<\/p>\n\n\n\n<p>5. Odbiorcami danych osobowych U\u017cytkownika lub kategoriami odbiorc\u00f3w s\u0105 m.in.:<\/p>\n\n\n\n<ul class=\"wp-block-list\">\n<li>Zenbox Sp. z o.o.&nbsp; \u2013 w celu przechowywania danych osobowych na serwerze, obs\u0142ugi domeny i serwera pocztowego<\/li>\n\n\n\n<li>Web INnovative Software Sp. z o.o. oraz Comarch S.A. \u2013 w celu wystawienia dokument\u00f3w ksi\u0119gowych,<\/li>\n\n\n\n<li>Google Cloud Poland Sp. z o.o.&nbsp; \u2013 w celu korzystania z us\u0142ug Google, w tym poczty e-mail,<\/li>\n\n\n\n<li>biura rachunkowe i&nbsp; urz\u0119dy skarbowe \u2013 w celu realizacji obowi\u0105zk\u00f3w prawnych i prawno- podatkowych zwi\u0105zanych z rozliczeniami i ksi\u0119gowo\u015bci\u0105,<\/li>\n\n\n\n<li>zleceniobiorcy i podmioty wsp\u00f3\u0142pracuj\u0105ce z Administratorem \u2013 do obs\u0142ugi prawnej, technicznej i administracyjnej na rzecz Administratora i jego klient\u00f3w np. kancelarie prawne, programi\u015bci itd.<\/li>\n<\/ul>\n\n\n\n<p>6. Administrator danych osobowych informuje, i\u017c dane osobowe U\u017cytkownika mog\u0105 by\u0107&nbsp; przekazywane do pa\u0144stwa trzeciego, w zwi\u0105zku z faktem i\u017c Administrator korzysta z zewn\u0119trznych dostawc\u00f3w us\u0142ug. Szczeg\u00f3\u0142owe informacje dost\u0119pne s\u0105 w tre\u015bci polityki prywatno\u015bci Google oraz Facebook dost\u0119pnej na stronie internetowej: Google \u2013 https:\/\/policies.google.com\/, Facebook \u2013 https:\/\/www.facebook.com\/about\/privacy\/cookies<\/p>\n\n\n\n<p>7. Administrator danych osobowych informuje, \u017ce celu realizowania dzia\u0142a\u0144 marketingowych w niekt\u00f3rych przypadkach Administrator wykorzystuje profilowanie. Oznacza to, \u017ce dzi\u0119ki automatycznemu przetwarzaniu danych osobowych Administrator dokonuje oceny wybranych czynnik\u00f3w dotycz\u0105cych U\u017cytkownik\u00f3w w celu analizy ich zachowania lub stworzenia prognozy na przysz\u0142o\u015b\u0107, co pozwala to na lepsze dopasowanie wy\u015bwietlanych tre\u015bci do indywidualnych preferencji i zainteresowa\u0144 U\u017cytkownika. U\u017cytkownik ma prawo wyra\u017cenia sprzeciwu wobec profilowania, je\u015bli mia\u0142oby ono negatywny wp\u0142yw na prawa i obowi\u0105zki U\u017cytkownika.<\/p>\n\n\n\n<p>8. Ka\u017cdej osobie, kt\u00f3rej dane dotycz\u0105, przys\u0142uguje:<\/p>\n\n\n\n<ul class=\"wp-block-list\">\n<li>prawo do dost\u0119pu do swoich danych osobowych<\/li>\n\n\n\n<li>prawo do sprostowania swoich danych osobowych<\/li>\n\n\n\n<li>prawo do usuni\u0119cia swoich danych osobowych (\u201eprawo do bycia zapomnianym\u201d)<\/li>\n\n\n\n<li>prawo do ograniczenia przetwarzania swoich danych osobowych<\/li>\n\n\n\n<li>prawo do przenoszenia swoich danych osobowych<\/li>\n\n\n\n<li>prawo do sprzeciwu wobec przetwarzania swoich danych osobowych<\/li>\n\n\n\n<li>prawo wniesienia skargi do organu nadzorczego.<\/li>\n<\/ul>\n\n\n\n<p>9. Je\u017celi przetwarzanie odbywa si\u0119 na podstawie:<\/p>\n\n\n\n<ol class=\"wp-block-list\">\n<li>a) art. 6 ust. 1 lit. a) RODO (osoba, kt\u00f3rej dane dotycz\u0105 wyrazi\u0142a zgod\u0119 na przetwarzanie swoich danych osobowych w jednym lub wi\u0119kszej liczbie okre\u015blonych cel\u00f3w) lub<\/li>\n\n\n\n<li>b) art. 9 ust. 2 lit. a) RODO (osoba, kt\u00f3rej dane dotycz\u0105, wyrazi\u0142a wyra\u017an\u0105 zgod\u0119 na przetwarzanie szczeg\u00f3lnych kategorii danych osobowych w jednym lub kilku konkretnych celach, chyba \u017ce prawo Unii lub prawo pa\u0144stwa cz\u0142onkowskiego przewiduj\u0105, i\u017c osoba, kt\u00f3rej dane dotycz\u0105, nie mo\u017ce uchyli\u0107 zakazu, o kt\u00f3rym mowa art. 9 ust. 1&nbsp; RODO)<\/li>\n<\/ol>\n\n\n\n<p>\u2013 ka\u017cdej osoba, kt\u00f3rej dane dotycz\u0105, przys\u0142uguje prawo do cofni\u0119cia zgody w dowolnym momencie bez wp\u0142ywu na zgodno\u015b\u0107 z prawem przetwarzania, kt\u00f3rego dokonano na podstawie zgody przed jej cofni\u0119ciem.<\/p>\n\n\n\n<p>10. Osoba, kt\u00f3rej dane dotycz\u0105, ma prawo w dowolnym momencie wnie\u015b\u0107 sprzeciw wobec przetwarzania dotycz\u0105cych jej danych osobowych w nast\u0119puj\u0105cych sytuacjach:<\/p>\n\n\n\n<ul class=\"wp-block-list\">\n<li><ul><li><\/li><\/ul>\n<ul class=\"wp-block-list\">\n<li><\/li>\n<\/ul>\n<\/li>\n<\/ul>\n\n\n\n<ul class=\"wp-block-list\">\n<li><\/li>\n<\/ul>\n\n\n\n<p>11. Aby skorzysta\u0107 z wy\u017cej wymienionych praw, osoba&nbsp; kt\u00f3rej dane dotycz\u0105, powinna skontaktowa\u0107 si\u0119, wykorzystuj\u0105c podane dane kontaktowe, z Administratorem danych osobowych i poinformowa\u0107 go, z kt\u00f3rego prawa i w jakim zakresie chce skorzysta\u0107.<\/p>\n\n\n\n<p>12. Osoba, kt\u00f3rej dane dotycz\u0105, ma prawo wnie\u015b\u0107 skarg\u0119 do organu nadzoru, kt\u00f3rym w Polsce jest Prezes Urz\u0119du Ochrony Danych Osobowych z siedzib\u0105 w Warszawie, przy ul. Stawki 2, z kt\u00f3rym mo\u017cna kontaktowa\u0107 si\u0119 w nast\u0119puj\u0105cy spos\u00f3b:<\/p>\n\n\n\n<p>1) listownie: ul. Stawki 2, 00-193 Warszawa;<\/p>\n\n\n\n<p>2) przez elektroniczn\u0105 skrzynk\u0119 podawcz\u0105 dost\u0119pn\u0105 na stronie:&nbsp;<a href=\"https:\/\/uodo.gov.pl\/pl\/p\/kontakt\">https:\/\/uodo.gov.pl\/pl\/p\/kontakt<\/a>&nbsp;;<\/p>\n\n\n\n<p>3) telefonicznie: (22) 531 03 00.<\/p>\n\n\n\n<p>13. Podanie danych jest dobrowolne, jednak\u017ce niepodanie pewnych danych,&nbsp; zaznaczonych na stronach Administratora jako obowi\u0105zkowe, wi\u0105za\u0107 si\u0119 b\u0119dzie z brakiem mo\u017cliwo\u015bci wykonania danej us\u0142ugi lub podj\u0119cia okre\u015blonych dzia\u0142a\u0144. W przypadku woli zawarcia umowy z Administratorem podanie danych osobowych przez U\u017cytkownika jest warunkiem zawarcia umowy. W celu zawarcia umowy, osoba jest zobowi\u0105zania do ich podania, za\u015b ich niepodanie spowoduje, \u017ce zawarcie i realizacja umowy b\u0119d\u0105 niemo\u017cliwe.<\/p>\n\n\n\n<p>14.&nbsp;<strong>Bezpiecze\u0144stwo przetwarzania<\/strong><\/p>\n\n\n\n<p>Administrator danych osobowych wdra\u017ca odpowiednie \u015brodki techniczne i organizacyjne, aby zapewni\u0107 stopie\u0144 bezpiecze\u0144stwa odpowiadaj\u0105cy temu ryzyku, w tym mi\u0119dzy innymi w stosownym przypadku:<\/p>\n\n\n\n<p>a) pseudonimizacj\u0119 i szyfrowanie danych osobowych;<\/p>\n\n\n\n<p>b) zdolno\u015b\u0107 do ci\u0105g\u0142ego zapewnienia poufno\u015bci, integralno\u015bci, dost\u0119pno\u015bci i odporno\u015bci system\u00f3w i us\u0142ug przetwarzania;<\/p>\n\n\n\n<p>c) zdolno\u015b\u0107 do szybkiego przywr\u00f3cenia dost\u0119pno\u015bci danych osobowych i dost\u0119pu do nich w razie incydentu fizycznego lub technicznego;<\/p>\n\n\n\n<p>d) regularne testowanie, mierzenie i ocenianie skuteczno\u015bci \u015brodk\u00f3w technicznych i organizacyjnych maj\u0105cych zapewni\u0107 bezpiecze\u0144stwo przetwarzania.<\/p>\n\n\n\n<p>15. System Administratora wykorzystuje technologi\u0119 plik\u00f3w cookies, czyli niewielkie informacje tekstowe wysy\u0142ane przez serwer WWW, kt\u00f3ry odwiedza U\u017cytkownik, i zapisywane na stronie U\u017cytkownika, zazwyczaj na twardym dysku urz\u0105dzenia ko\u0144cowego (komputer, tablet, laptop, smartfon), z kt\u00f3rego korzysta on w celu przegl\u0105dania stron internetowych. Administrator stosuje nast\u0119puj\u0105ce pliki cookies podmiot\u00f3w trzecich w ramach Strony:<\/p>\n\n\n\n<ul class=\"wp-block-list\">\n<li>Piksel konwersji Facebooka oraz reklamy tworzone poprzez portal Facebook Facebook Ads (Facebook Custom Audiences)<\/li>\n\n\n\n<li>Wbudowany kod Google Analytics<\/li>\n\n\n\n<li>Narz\u0119dzia s\u0142u\u017c\u0105ce do oceny efektywno\u015bci kampanii reklamowych Google Ads<\/li>\n<\/ul>\n\n\n\n<p>16. Administrator w ramach strony oraz bloga stosuje nast\u0119puj\u0105ce formularze:<\/p>\n\n\n\n<ul class=\"wp-block-list\">\n<li>Formularz kontaktowy \u2013 umo\u017cliwiaj\u0105cy nawi\u0105zanie kontaktu z Administratorem drog\u0105 elektroniczn\u0105 poprzez wys\u0142anie do niego wiadomo\u015bci z pro\u015bb\u0105 o kontakt telefoniczny. Dane w postaci imienia i nazwiska, nr telefonu, adresu e-mail, przetwarzane s\u0105 zgodnie z niniejsz\u0105 Polityk\u0105 Prywatno\u015bci. Zgoda mo\u017ce zosta\u0107 w ka\u017cdej chwili wycofana, co spowoduje nienawi\u0105zanie przez Administratora kontaktu z U\u017cytkownikiem zgodnie z zasadami zawartymi w niniejszej polityce prywatno\u015bci.<\/li>\n\n\n\n<li>Formularz zapisu na newsletter \u2013 umo\u017cliwiaj\u0105cy zapis do newslettera. Wymaga podania imienia i adresu e-mail. Zapis oznacza, \u017ce U\u017cytkownik zgadza si\u0119 z niniejsz\u0105 Polityk\u0105 prywatno\u015bci oraz wyra\u017ca zgod\u0119 na wysy\u0142anie mu informacji marketingowych i handlowych za pomoc\u0105 \u015brodk\u00f3w komunikacji elektronicznej e-maila. Poprzez zapis na newsletter U\u017cytkownik wyra\u017ca r\u00f3wnie\u017c zgod\u0119 na wykorzystywanie przez Administratora telekomunikacyjnych urz\u0105dze\u0144 ko\u0144cowych U\u017cytkownika&nbsp; w celu marketingu bezpo\u015bredniego produkt\u00f3w i us\u0142ug Administratora oraz przedstawiania U\u017cytkownikowi informacji handlowych zgodnie z art. 172 ust.1 ustawy Prawo telekomunikacyjne z dnia 16 lipca 2004 r.. Powy\u017csze zgody s\u0105 dobrowolne, jednak\u017ce konieczne do wysy\u0142ki newslettera, w tym m.in. do informowania o us\u0142ugach, nowych wpisach blogowych, produktach, promocjach i rabatach oferowanych przez Administratora lub produktach os\u00f3b trzecich polecanych przez niego. Zgody mog\u0105 zosta\u0107 w ka\u017cdej chwili wycofane, co spowoduje zaprzestanie wysy\u0142ania newslettera zgodnie z zasadami zawartymi w niniejszej polityce prywatno\u015bci.<\/li>\n<\/ul>\n\n\n\n<p>17. Polityka prywatno\u015bci mo\u017ce by\u0107 uzupe\u0142niana lub uaktualniana zgodnie z bie\u017c\u0105cymi potrzebami Administratora danych osobowych w celu zapewnienia aktualnej i rzetelnej informacji U\u017cytkownikowi dotycz\u0105cej ich danych osobowych i informacji o nich.<\/p>\n","protected":false},"excerpt":{"rendered":"<p>Polityka prywatno\u015bci POLITYKA PRYWATNO\u015aCI I POLITYKA&nbsp;&nbsp;COOKIES Korzystanie ze strony internetowej&nbsp;https:\/\/imker.pl\/,&nbsp;https:\/\/www.imkreator.pl\/&nbsp;oraz z bloga&nbsp;https:\/\/imker.pl\/blog\/&nbsp;oznacza akceptacj\u0119 poni\u017cszych warunk\u00f3w Polityki Prywatno\u015bci&nbsp; i Polityki Cookies. W wykonaniu obowi\u0105zku informacyjnego okre\u015blonego Rozporz\u0105dzeniem Parlamentu Europejskiego i Rady (UE) 2016\/679 z dnia 27 kwietnia 2016 r. w sprawie ochrony os\u00f3b fizycznych w zwi\u0105zku z przetwarzaniem danych osobowych i w sprawie swobodnego przep\u0142ywu takich [&hellip;]<\/p>\n","protected":false},"author":1,"featured_media":0,"parent":0,"menu_order":0,"comment_status":"closed","ping_status":"closed","template":"","meta":{"_acf_changed":false,"footnotes":""},"class_list":["post-302","page","type-page","status-publish","hentry"],"acf":[],"_links":{"self":[{"href":"https:\/\/imker.pl\/raporty\/wp-json\/wp\/v2\/pages\/302","targetHints":{"allow":["GET"]}}],"collection":[{"href":"https:\/\/imker.pl\/raporty\/wp-json\/wp\/v2\/pages"}],"about":[{"href":"https:\/\/imker.pl\/raporty\/wp-json\/wp\/v2\/types\/page"}],"author":[{"embeddable":true,"href":"https:\/\/imker.pl\/raporty\/wp-json\/wp\/v2\/users\/1"}],"replies":[{"embeddable":true,"href":"https:\/\/imker.pl\/raporty\/wp-json\/wp\/v2\/comments?post=302"}],"version-history":[{"count":1,"href":"https:\/\/imker.pl\/raporty\/wp-json\/wp\/v2\/pages\/302\/revisions"}],"predecessor-version":[{"id":303,"href":"https:\/\/imker.pl\/raporty\/wp-json\/wp\/v2\/pages\/302\/revisions\/303"}],"wp:attachment":[{"href":"https:\/\/imker.pl\/raporty\/wp-json\/wp\/v2\/media?parent=302"}],"curies":[{"name":"wp","href":"https:\/\/api.w.org\/{rel}","templated":true}]}}